{"id":316,"date":"2015-12-24T01:21:20","date_gmt":"2015-12-24T00:21:20","guid":{"rendered":"http:\/\/ferien-am-atlantik.eu\/?page_id=316"},"modified":"2026-01-20T16:41:10","modified_gmt":"2026-01-20T15:41:10","slug":"preise","status":"publish","type":"page","link":"https:\/\/ferien-am-atlantik.eu\/index.php\/preise\/","title":{"rendered":"Preise"},"content":{"rendered":"<p>Die Mietpreise sind abh\u00e4ngig von der Saison und der Personenanzahl. Sie betragen bei einer Belegung mit bis zu 4 Personen zwischen 434 und 882 Euro pro Woche.<\/p>\n<p>Sie beinhalten die Kosten f\u00fcr Wasser, eine Strompauschale inklusive Heizung. Bei hohem Verbrauch fallen f\u00fcr Strom\/Heizung zus\u00e4tzliche Verbrauchskosten an, wenn mehr als 245 kWh pro Woche \/35 kWh pro Tag verbraucht werden, 0,30 \u20ac pro weitere kWh. Diese werden dann vor Ort abgerechnet. Nutzen Sie bitte m\u00f6glichst den Sonnenstrom aus unserer Solar-Kleinanlage.<\/p>\n<p>Kurtaxe ist f\u00fcr Personen ab 18 Jahren zu entrichten, 1,90 Euro pro Person und Tag. 68,00 Euro (2026) Zusatzkosten fallen f\u00fcr die Schl\u00fcssel\u00fcbergabe und Endreinigung am Ferienort an. Die Kaution betr\u00e4gt 250 Euro.<\/p>\n<p>Bett-, Tischw\u00e4sche und Handt\u00fccher sind selbst mitzubringen. Auf Anfrage kann Bettw\u00e4sche auch gestellt werden. Zusatzkosten daf\u00fcr in H\u00f6he von 9,00 Euro pro Bett\/Person sind vor Ort zu zahlen. Kein Platz im Gep\u00e4ck f\u00fcr eigene Handt\u00fccher? F\u00fcr ein Handtuch-Set (1 Dusch- und 1 Handtuch) werden 8,00 Euro berechnet.<\/p>\n<p>Das Haus steht Ihnen am Anreisetag ab 15 Uhr und am Abreisetag bis 10 Uhr zur Verf\u00fcgung. Wir bieten Ihnen ein fr\u00fcheres Einchecken oder sp\u00e4teres Auschecken gegen eine geringe Geb\u00fchr an, wenn die Buchungszeiten es zulassen, damit Sie Beginn oder Ende Ihres Urlaubs stressfrei genie\u00dfen k\u00f6nnen.<\/p>\n","protected":false},"excerpt":{"rendered":"<p>Die Mietpreise sind abh\u00e4ngig von der Saison und der Personenanzahl. Sie betragen bei einer Belegung mit bis zu 4 Personen zwischen 434 und 882 Euro pro Woche. Sie beinhalten die Kosten f\u00fcr Wasser, eine Strompauschale inklusive Heizung. Bei hohem Verbrauch fallen f\u00fcr Strom\/Heizung zus\u00e4tzliche Verbrauchskosten an, wenn mehr als 245[&#8230;]<\/p>\n","protected":false},"author":1,"featured_media":268,"parent":0,"menu_order":0,"comment_status":"closed","ping_status":"closed","template":"","meta":{"footnotes":""},"class_list":["post-316","page","type-page","status-publish","has-post-thumbnail","hentry"],"yoast_head":"<!-- This site is optimized with the Yoast SEO plugin v27.5 - https:\/\/yoast.com\/product\/yoast-seo-wordpress\/ -->\n<title>Preise &#8211; Ferien am Atlantik<\/title>\n<meta name=\"robots\" content=\"index, follow, max-snippet:-1, max-image-preview:large, max-video-preview:-1\" \/>\n<link rel=\"canonical\" href=\"https:\/\/ferien-am-atlantik.eu\/index.php\/preise\/\" \/>\n<meta property=\"og:locale\" content=\"de_DE\" \/>\n<meta property=\"og:type\" content=\"article\" \/>\n<meta property=\"og:title\" content=\"Preise &#8211; Ferien am Atlantik\" \/>\n<meta property=\"og:description\" content=\"Die Mietpreise sind abh\u00e4ngig von der Saison und der Personenanzahl. Sie betragen bei einer Belegung mit bis zu 4 Personen zwischen 434 und 882 Euro pro Woche. Sie beinhalten die Kosten f\u00fcr Wasser, eine Strompauschale inklusive Heizung. Bei hohem Verbrauch fallen f\u00fcr Strom\/Heizung zus\u00e4tzliche Verbrauchskosten an, wenn mehr als 245[...]\" \/>\n<meta property=\"og:url\" content=\"https:\/\/ferien-am-atlantik.eu\/index.php\/preise\/\" \/>\n<meta property=\"og:site_name\" content=\"Ferien am Atlantik\" \/>\n<meta property=\"article:modified_time\" content=\"2026-01-20T15:41:10+00:00\" \/>\n<meta property=\"og:image\" content=\"https:\/\/ferien-am-atlantik.eu\/wp-content\/uploads\/2015\/12\/Les-Sables-Ile-Penotte-3-768x1024.jpg\" \/>\n\t<meta property=\"og:image:width\" content=\"768\" \/>\n\t<meta property=\"og:image:height\" content=\"1024\" \/>\n\t<meta property=\"og:image:type\" content=\"image\/jpeg\" \/>\n<meta name=\"twitter:card\" content=\"summary_large_image\" \/>\n<meta name=\"twitter:label1\" content=\"Gesch\u00e4tzte Lesezeit\" \/>\n\t<meta name=\"twitter:data1\" content=\"2\u00a0Minuten\" \/>\n<script type=\"application\/ld+json\" class=\"yoast-schema-graph\">{\"@context\":\"https:\\\/\\\/schema.org\",\"@graph\":[{\"@type\":\"WebPage\",\"@id\":\"https:\\\/\\\/ferien-am-atlantik.eu\\\/index.php\\\/preise\\\/\",\"url\":\"https:\\\/\\\/ferien-am-atlantik.eu\\\/index.php\\\/preise\\\/\",\"name\":\"Preise &#8211; Ferien am Atlantik\",\"isPartOf\":{\"@id\":\"https:\\\/\\\/ferien-am-atlantik.eu\\\/#website\"},\"primaryImageOfPage\":{\"@id\":\"https:\\\/\\\/ferien-am-atlantik.eu\\\/index.php\\\/preise\\\/#primaryimage\"},\"image\":{\"@id\":\"https:\\\/\\\/ferien-am-atlantik.eu\\\/index.php\\\/preise\\\/#primaryimage\"},\"thumbnailUrl\":\"https:\\\/\\\/ferien-am-atlantik.eu\\\/wp-content\\\/uploads\\\/2015\\\/12\\\/Les-Sables-Ile-Penotte-3.jpg\",\"datePublished\":\"2015-12-24T00:21:20+00:00\",\"dateModified\":\"2026-01-20T15:41:10+00:00\",\"breadcrumb\":{\"@id\":\"https:\\\/\\\/ferien-am-atlantik.eu\\\/index.php\\\/preise\\\/#breadcrumb\"},\"inLanguage\":\"de\",\"potentialAction\":[{\"@type\":\"ReadAction\",\"target\":[\"https:\\\/\\\/ferien-am-atlantik.eu\\\/index.php\\\/preise\\\/\"]}]},{\"@type\":\"ImageObject\",\"inLanguage\":\"de\",\"@id\":\"https:\\\/\\\/ferien-am-atlantik.eu\\\/index.php\\\/preise\\\/#primaryimage\",\"url\":\"https:\\\/\\\/ferien-am-atlantik.eu\\\/wp-content\\\/uploads\\\/2015\\\/12\\\/Les-Sables-Ile-Penotte-3.jpg\",\"contentUrl\":\"https:\\\/\\\/ferien-am-atlantik.eu\\\/wp-content\\\/uploads\\\/2015\\\/12\\\/Les-Sables-Ile-Penotte-3.jpg\",\"width\":2736,\"height\":3648,\"caption\":\"Ile Penotte, Les Sables\"},{\"@type\":\"BreadcrumbList\",\"@id\":\"https:\\\/\\\/ferien-am-atlantik.eu\\\/index.php\\\/preise\\\/#breadcrumb\",\"itemListElement\":[{\"@type\":\"ListItem\",\"position\":1,\"name\":\"Startseite\",\"item\":\"https:\\\/\\\/ferien-am-atlantik.eu\\\/\"},{\"@type\":\"ListItem\",\"position\":2,\"name\":\"Preise\"}]},{\"@type\":\"WebSite\",\"@id\":\"https:\\\/\\\/ferien-am-atlantik.eu\\\/#website\",\"url\":\"https:\\\/\\\/ferien-am-atlantik.eu\\\/\",\"name\":\"Ferien am Atlantik\",\"description\":\"vendeeholiday.de\",\"publisher\":{\"@id\":\"https:\\\/\\\/ferien-am-atlantik.eu\\\/#\\\/schema\\\/person\\\/078994da84bbb35ca6d97aa989b12731\"},\"potentialAction\":[{\"@type\":\"SearchAction\",\"target\":{\"@type\":\"EntryPoint\",\"urlTemplate\":\"https:\\\/\\\/ferien-am-atlantik.eu\\\/?s={search_term_string}\"},\"query-input\":{\"@type\":\"PropertyValueSpecification\",\"valueRequired\":true,\"valueName\":\"search_term_string\"}}],\"inLanguage\":\"de\"},{\"@type\":[\"Person\",\"Organization\"],\"@id\":\"https:\\\/\\\/ferien-am-atlantik.eu\\\/#\\\/schema\\\/person\\\/078994da84bbb35ca6d97aa989b12731\",\"name\":\"craynaud\",\"logo\":{\"@id\":\"https:\\\/\\\/ferien-am-atlantik.eu\\\/#\\\/schema\\\/person\\\/image\\\/\"}}]}<\/script>\n<!-- \/ Yoast SEO plugin. -->","yoast_head_json":{"title":"Preise &#8211; Ferien am Atlantik","robots":{"index":"index","follow":"follow","max-snippet":"max-snippet:-1","max-image-preview":"max-image-preview:large","max-video-preview":"max-video-preview:-1"},"canonical":"https:\/\/ferien-am-atlantik.eu\/index.php\/preise\/","og_locale":"de_DE","og_type":"article","og_title":"Preise &#8211; Ferien am Atlantik","og_description":"Die Mietpreise sind abh\u00e4ngig von der Saison und der Personenanzahl. Sie betragen bei einer Belegung mit bis zu 4 Personen zwischen 434 und 882 Euro pro Woche. Sie beinhalten die Kosten f\u00fcr Wasser, eine Strompauschale inklusive Heizung. Bei hohem Verbrauch fallen f\u00fcr Strom\/Heizung zus\u00e4tzliche Verbrauchskosten an, wenn mehr als 245[...]","og_url":"https:\/\/ferien-am-atlantik.eu\/index.php\/preise\/","og_site_name":"Ferien am Atlantik","article_modified_time":"2026-01-20T15:41:10+00:00","og_image":[{"width":768,"height":1024,"url":"https:\/\/ferien-am-atlantik.eu\/wp-content\/uploads\/2015\/12\/Les-Sables-Ile-Penotte-3-768x1024.jpg","type":"image\/jpeg"}],"twitter_card":"summary_large_image","twitter_misc":{"Gesch\u00e4tzte Lesezeit":"2\u00a0Minuten"},"schema":{"@context":"https:\/\/schema.org","@graph":[{"@type":"WebPage","@id":"https:\/\/ferien-am-atlantik.eu\/index.php\/preise\/","url":"https:\/\/ferien-am-atlantik.eu\/index.php\/preise\/","name":"Preise &#8211; Ferien am Atlantik","isPartOf":{"@id":"https:\/\/ferien-am-atlantik.eu\/#website"},"primaryImageOfPage":{"@id":"https:\/\/ferien-am-atlantik.eu\/index.php\/preise\/#primaryimage"},"image":{"@id":"https:\/\/ferien-am-atlantik.eu\/index.php\/preise\/#primaryimage"},"thumbnailUrl":"https:\/\/ferien-am-atlantik.eu\/wp-content\/uploads\/2015\/12\/Les-Sables-Ile-Penotte-3.jpg","datePublished":"2015-12-24T00:21:20+00:00","dateModified":"2026-01-20T15:41:10+00:00","breadcrumb":{"@id":"https:\/\/ferien-am-atlantik.eu\/index.php\/preise\/#breadcrumb"},"inLanguage":"de","potentialAction":[{"@type":"ReadAction","target":["https:\/\/ferien-am-atlantik.eu\/index.php\/preise\/"]}]},{"@type":"ImageObject","inLanguage":"de","@id":"https:\/\/ferien-am-atlantik.eu\/index.php\/preise\/#primaryimage","url":"https:\/\/ferien-am-atlantik.eu\/wp-content\/uploads\/2015\/12\/Les-Sables-Ile-Penotte-3.jpg","contentUrl":"https:\/\/ferien-am-atlantik.eu\/wp-content\/uploads\/2015\/12\/Les-Sables-Ile-Penotte-3.jpg","width":2736,"height":3648,"caption":"Ile Penotte, Les Sables"},{"@type":"BreadcrumbList","@id":"https:\/\/ferien-am-atlantik.eu\/index.php\/preise\/#breadcrumb","itemListElement":[{"@type":"ListItem","position":1,"name":"Startseite","item":"https:\/\/ferien-am-atlantik.eu\/"},{"@type":"ListItem","position":2,"name":"Preise"}]},{"@type":"WebSite","@id":"https:\/\/ferien-am-atlantik.eu\/#website","url":"https:\/\/ferien-am-atlantik.eu\/","name":"Ferien am Atlantik","description":"vendeeholiday.de","publisher":{"@id":"https:\/\/ferien-am-atlantik.eu\/#\/schema\/person\/078994da84bbb35ca6d97aa989b12731"},"potentialAction":[{"@type":"SearchAction","target":{"@type":"EntryPoint","urlTemplate":"https:\/\/ferien-am-atlantik.eu\/?s={search_term_string}"},"query-input":{"@type":"PropertyValueSpecification","valueRequired":true,"valueName":"search_term_string"}}],"inLanguage":"de"},{"@type":["Person","Organization"],"@id":"https:\/\/ferien-am-atlantik.eu\/#\/schema\/person\/078994da84bbb35ca6d97aa989b12731","name":"craynaud","logo":{"@id":"https:\/\/ferien-am-atlantik.eu\/#\/schema\/person\/image\/"}}]}},"_links":{"self":[{"href":"https:\/\/ferien-am-atlantik.eu\/index.php\/wp-json\/wp\/v2\/pages\/316","targetHints":{"allow":["GET"]}}],"collection":[{"href":"https:\/\/ferien-am-atlantik.eu\/index.php\/wp-json\/wp\/v2\/pages"}],"about":[{"href":"https:\/\/ferien-am-atlantik.eu\/index.php\/wp-json\/wp\/v2\/types\/page"}],"author":[{"embeddable":true,"href":"https:\/\/ferien-am-atlantik.eu\/index.php\/wp-json\/wp\/v2\/users\/1"}],"replies":[{"embeddable":true,"href":"https:\/\/ferien-am-atlantik.eu\/index.php\/wp-json\/wp\/v2\/comments?post=316"}],"version-history":[{"count":23,"href":"https:\/\/ferien-am-atlantik.eu\/index.php\/wp-json\/wp\/v2\/pages\/316\/revisions"}],"predecessor-version":[{"id":2216,"href":"https:\/\/ferien-am-atlantik.eu\/index.php\/wp-json\/wp\/v2\/pages\/316\/revisions\/2216"}],"wp:featuredmedia":[{"embeddable":true,"href":"https:\/\/ferien-am-atlantik.eu\/index.php\/wp-json\/wp\/v2\/media\/268"}],"wp:attachment":[{"href":"https:\/\/ferien-am-atlantik.eu\/index.php\/wp-json\/wp\/v2\/media?parent=316"}],"curies":[{"name":"wp","href":"https:\/\/api.w.org\/{rel}","templated":true}]}}